{"id":2136,"date":"2024-08-23T13:32:27","date_gmt":"2024-08-23T13:32:27","guid":{"rendered":"https:\/\/www.lanormandiedamandine.com\/?post_type=product&#038;p=2136"},"modified":"2024-08-23T13:41:03","modified_gmt":"2024-08-23T13:41:03","slug":"la-liberte-et-apres-enquete-en-famille-a-bretteville-sur-laize","status":"publish","type":"product","link":"https:\/\/www.lanormandiedamandine.com\/en\/produit\/la-liberte-et-apres-enquete-en-famille-a-bretteville-sur-laize\/","title":{"rendered":"La libert\u00e9 et apr\u00e8s&#8230;? Enqu\u00eate en famille \u00e0 Bretteville sur Laize"},"content":{"rendered":"<p>Jeu de piste, charades et puzzle ponctuent cette enqu\u00eate familiale au c\u0153ur du bourg de Bretteville sur Laize, sur les pas des architectes qui ont reconstruit la ville.<br \/>\nQu\u2019ont-ils voulu nous dire\u00a0? Quelles ont \u00e9t\u00e9 leurs volont\u00e9s\u00a0?<br \/>\nAlors que cette architecture est souvent consid\u00e9r\u00e9e comme \u00ab\u00a0moche et triste\u00a0\u00bb nous partirons \u00e0 la recherche du beau.<\/p>\n<p><strong>Points forts :<\/strong><\/p>\n<p>Jeux<br \/>\nObservations<br \/>\nQuestionnements<\/p>\n<p>Dimanche 22 septembre, dans le cadre des Journ\u00e9es europ\u00e9ennes du patrimoine.<br \/>\nR\u00e9servations aupr\u00e8s de la mairie :\u00a0<span class=\"wixui-rich-text__text\"><span class=\"wixGuard wixui-rich-text__text\">\u200b<\/span>02 31 08 49 51 \/\u00a0<\/span><span class=\"wixui-rich-text__text\"><a class=\"wixui-rich-text__text\" href=\"mailto:comculturelle@commune-brettevillesurlaize.com\" data-auto-recognition=\"true\">comculturelle@commune-brettevillesurlaize.com<\/a><\/span><\/p>\n<p>&nbsp;<\/p>\n","protected":false},"excerpt":{"rendered":"<p>Jeu de piste, charades et puzzle ponctuent cette enqu\u00eate familiale au c\u0153ur du bourg de Bretteville sur Laize, sur les pas des architectes qui ont reconstruit la ville. Qu\u2019ont-ils voulu nous dire\u00a0? Quelles ont \u00e9t\u00e9 leurs volont\u00e9s\u00a0? Alors que cette architecture est souvent consid\u00e9r\u00e9e comme \u00ab\u00a0moche et triste\u00a0\u00bb nous partirons \u00e0 la recherche du beau. [&hellip;]<\/p>\n","protected":false},"featured_media":2098,"template":"","meta":{"inline_featured_image":false,"site-sidebar-layout":"default","site-content-layout":"","ast-site-content-layout":"default","site-content-style":"default","site-sidebar-style":"default","ast-global-header-display":"","ast-banner-title-visibility":"","ast-main-header-display":"","ast-hfb-above-header-display":"","ast-hfb-below-header-display":"","ast-hfb-mobile-header-display":"","site-post-title":"","ast-breadcrumbs-content":"","ast-featured-img":"","footer-sml-layout":"","theme-transparent-header-meta":"default","adv-header-id-meta":"","stick-header-meta":"","header-above-stick-meta":"","header-main-stick-meta":"","header-below-stick-meta":"","astra-migrate-meta-layouts":"set","ast-page-background-enabled":"default","ast-page-background-meta":{"desktop":{"background-color":"var(--ast-global-color-4)","background-image":"","background-repeat":"repeat","background-position":"center center","background-size":"auto","background-attachment":"scroll","background-type":"","background-media":"","overlay-type":"","overlay-color":"","overlay-opacity":"","overlay-gradient":""},"tablet":{"background-color":"","background-image":"","background-repeat":"repeat","background-position":"center center","background-size":"auto","background-attachment":"scroll","background-type":"","background-media":"","overlay-type":"","overlay-color":"","overlay-opacity":"","overlay-gradient":""},"mobile":{"background-color":"","background-image":"","background-repeat":"repeat","background-position":"center center","background-size":"auto","background-attachment":"scroll","background-type":"","background-media":"","overlay-type":"","overlay-color":"","overlay-opacity":"","overlay-gradient":""}},"ast-content-background-meta":{"desktop":{"background-color":"var(--ast-global-color-5)","background-image":"","background-repeat":"repeat","background-position":"center center","background-size":"auto","background-attachment":"scroll","background-type":"","background-media":"","overlay-type":"","overlay-color":"","overlay-opacity":"","overlay-gradient":""},"tablet":{"background-color":"var(--ast-global-color-5)","background-image":"","background-repeat":"repeat","background-position":"center center","background-size":"auto","background-attachment":"scroll","background-type":"","background-media":"","overlay-type":"","overlay-color":"","overlay-opacity":"","overlay-gradient":""},"mobile":{"background-color":"var(--ast-global-color-5)","background-image":"","background-repeat":"repeat","background-position":"center center","background-size":"auto","background-attachment":"scroll","background-type":"","background-media":"","overlay-type":"","overlay-color":"","overlay-opacity":"","overlay-gradient":""}}},"product_brand":[],"product_cat":[19],"product_tag":[],"class_list":{"0":"post-2136","1":"product","2":"type-product","3":"status-publish","4":"has-post-thumbnail","6":"product_cat-visites-interactives","7":"desktop-align-left","8":"tablet-align-left","9":"mobile-align-left","11":"first","12":"instock","13":"shipping-taxable","14":"product-type-simple"},"yoast_head":"<!-- This site is optimized with the Yoast SEO plugin v27.5 - https:\/\/yoast.com\/product\/yoast-seo-wordpress\/ -->\n<title>La libert\u00e9 et apr\u00e8s...? Enqu\u00eate en famille \u00e0 Bretteville sur Laize - La Normandie d&#039;Amandine<\/title>\n<meta name=\"robots\" content=\"index, follow, max-snippet:-1, max-image-preview:large, max-video-preview:-1\" \/>\n<link rel=\"canonical\" href=\"https:\/\/www.lanormandiedamandine.com\/en\/produit\/la-liberte-et-apres-enquete-en-famille-a-bretteville-sur-laize\/\" \/>\n<meta property=\"og:locale\" content=\"en_US\" \/>\n<meta property=\"og:type\" content=\"article\" \/>\n<meta property=\"og:title\" content=\"La libert\u00e9 et apr\u00e8s...? Enqu\u00eate en famille \u00e0 Bretteville sur Laize - La Normandie d&#039;Amandine\" \/>\n<meta property=\"og:description\" content=\"Jeu de piste, charades et puzzle ponctuent cette enqu\u00eate familiale au c\u0153ur du bourg de Bretteville sur Laize, sur les pas des architectes qui ont reconstruit la ville. Qu\u2019ont-ils voulu nous dire\u00a0? Quelles ont \u00e9t\u00e9 leurs volont\u00e9s\u00a0? Alors que cette architecture est souvent consid\u00e9r\u00e9e comme \u00ab\u00a0moche et triste\u00a0\u00bb nous partirons \u00e0 la recherche du beau. [&hellip;]\" \/>\n<meta property=\"og:url\" content=\"https:\/\/www.lanormandiedamandine.com\/en\/produit\/la-liberte-et-apres-enquete-en-famille-a-bretteville-sur-laize\/\" \/>\n<meta property=\"og:site_name\" content=\"La Normandie d&#039;Amandine\" \/>\n<meta property=\"article:modified_time\" content=\"2024-08-23T13:41:03+00:00\" \/>\n<meta property=\"og:image\" content=\"https:\/\/www.lanormandiedamandine.com\/wp-content\/uploads\/2024\/08\/LogoEtonnantsPatrimoinesCMJN.png\" \/>\n\t<meta property=\"og:image:width\" content=\"2363\" \/>\n\t<meta property=\"og:image:height\" content=\"2363\" \/>\n\t<meta property=\"og:image:type\" content=\"image\/png\" \/>\n<meta name=\"twitter:card\" content=\"summary_large_image\" \/>\n<meta name=\"twitter:label1\" content=\"Est. reading time\" \/>\n\t<meta name=\"twitter:data1\" content=\"1 minute\" \/>\n<script type=\"application\/ld+json\" class=\"yoast-schema-graph\">{\"@context\":\"https:\\\/\\\/schema.org\",\"@graph\":[{\"@type\":\"WebPage\",\"@id\":\"https:\\\/\\\/www.lanormandiedamandine.com\\\/en\\\/produit\\\/la-liberte-et-apres-enquete-en-famille-a-bretteville-sur-laize\\\/\",\"url\":\"https:\\\/\\\/www.lanormandiedamandine.com\\\/en\\\/produit\\\/la-liberte-et-apres-enquete-en-famille-a-bretteville-sur-laize\\\/\",\"name\":\"La libert\u00e9 et apr\u00e8s...? Enqu\u00eate en famille \u00e0 Bretteville sur Laize - La Normandie d&#039;Amandine\",\"isPartOf\":{\"@id\":\"https:\\\/\\\/www.lanormandiedamandine.com\\\/en\\\/#website\"},\"primaryImageOfPage\":{\"@id\":\"https:\\\/\\\/www.lanormandiedamandine.com\\\/en\\\/produit\\\/la-liberte-et-apres-enquete-en-famille-a-bretteville-sur-laize\\\/#primaryimage\"},\"image\":{\"@id\":\"https:\\\/\\\/www.lanormandiedamandine.com\\\/en\\\/produit\\\/la-liberte-et-apres-enquete-en-famille-a-bretteville-sur-laize\\\/#primaryimage\"},\"thumbnailUrl\":\"https:\\\/\\\/www.lanormandiedamandine.com\\\/wp-content\\\/uploads\\\/2024\\\/08\\\/LogoEtonnantsPatrimoinesCMJN.png\",\"datePublished\":\"2024-08-23T13:32:27+00:00\",\"dateModified\":\"2024-08-23T13:41:03+00:00\",\"breadcrumb\":{\"@id\":\"https:\\\/\\\/www.lanormandiedamandine.com\\\/en\\\/produit\\\/la-liberte-et-apres-enquete-en-famille-a-bretteville-sur-laize\\\/#breadcrumb\"},\"inLanguage\":\"en-US\",\"potentialAction\":[{\"@type\":\"ReadAction\",\"target\":[\"https:\\\/\\\/www.lanormandiedamandine.com\\\/en\\\/produit\\\/la-liberte-et-apres-enquete-en-famille-a-bretteville-sur-laize\\\/\"]}]},{\"@type\":\"ImageObject\",\"inLanguage\":\"en-US\",\"@id\":\"https:\\\/\\\/www.lanormandiedamandine.com\\\/en\\\/produit\\\/la-liberte-et-apres-enquete-en-famille-a-bretteville-sur-laize\\\/#primaryimage\",\"url\":\"https:\\\/\\\/www.lanormandiedamandine.com\\\/wp-content\\\/uploads\\\/2024\\\/08\\\/LogoEtonnantsPatrimoinesCMJN.png\",\"contentUrl\":\"https:\\\/\\\/www.lanormandiedamandine.com\\\/wp-content\\\/uploads\\\/2024\\\/08\\\/LogoEtonnantsPatrimoinesCMJN.png\",\"width\":2363,\"height\":2363,\"caption\":\"Enqu\u00eate en famille \u00e0 Bretteville sur Laize\"},{\"@type\":\"BreadcrumbList\",\"@id\":\"https:\\\/\\\/www.lanormandiedamandine.com\\\/en\\\/produit\\\/la-liberte-et-apres-enquete-en-famille-a-bretteville-sur-laize\\\/#breadcrumb\",\"itemListElement\":[{\"@type\":\"ListItem\",\"position\":1,\"name\":\"Accueil\",\"item\":\"https:\\\/\\\/www.lanormandiedamandine.com\\\/en\\\/\"},{\"@type\":\"ListItem\",\"position\":2,\"name\":\"Boutique\",\"item\":\"https:\\\/\\\/www.lanormandiedamandine.com\\\/boutique\\\/\"},{\"@type\":\"ListItem\",\"position\":3,\"name\":\"La libert\u00e9 et apr\u00e8s&#8230;? Enqu\u00eate en famille \u00e0 Bretteville sur Laize\"}]},{\"@type\":\"WebSite\",\"@id\":\"https:\\\/\\\/www.lanormandiedamandine.com\\\/en\\\/#website\",\"url\":\"https:\\\/\\\/www.lanormandiedamandine.com\\\/en\\\/\",\"name\":\"La Normandie d&#039;Amandine\",\"description\":\"Guide conf&eacute;renci&egrave;re en Normandie\",\"publisher\":{\"@id\":\"https:\\\/\\\/www.lanormandiedamandine.com\\\/en\\\/#organization\"},\"potentialAction\":[{\"@type\":\"SearchAction\",\"target\":{\"@type\":\"EntryPoint\",\"urlTemplate\":\"https:\\\/\\\/www.lanormandiedamandine.com\\\/en\\\/?s={search_term_string}\"},\"query-input\":{\"@type\":\"PropertyValueSpecification\",\"valueRequired\":true,\"valueName\":\"search_term_string\"}}],\"inLanguage\":\"en-US\"},{\"@type\":\"Organization\",\"@id\":\"https:\\\/\\\/www.lanormandiedamandine.com\\\/en\\\/#organization\",\"name\":\"La Normandie d&#039;Amandine\",\"url\":\"https:\\\/\\\/www.lanormandiedamandine.com\\\/en\\\/\",\"logo\":{\"@type\":\"ImageObject\",\"inLanguage\":\"en-US\",\"@id\":\"https:\\\/\\\/www.lanormandiedamandine.com\\\/en\\\/#\\\/schema\\\/logo\\\/image\\\/\",\"url\":\"https:\\\/\\\/www.lanormandiedamandine.com\\\/wp-content\\\/uploads\\\/2021\\\/11\\\/cropped-carte-de-visite-la-Normandie-dAmandine-recto-001-1.jpg\",\"contentUrl\":\"https:\\\/\\\/www.lanormandiedamandine.com\\\/wp-content\\\/uploads\\\/2021\\\/11\\\/cropped-carte-de-visite-la-Normandie-dAmandine-recto-001-1.jpg\",\"width\":482,\"height\":181,\"caption\":\"La Normandie d&#039;Amandine\"},\"image\":{\"@id\":\"https:\\\/\\\/www.lanormandiedamandine.com\\\/en\\\/#\\\/schema\\\/logo\\\/image\\\/\"}}]}<\/script>\n<!-- \/ Yoast SEO plugin. -->","yoast_head_json":{"title":"La libert\u00e9 et apr\u00e8s...? Enqu\u00eate en famille \u00e0 Bretteville sur Laize - La Normandie d&#039;Amandine","robots":{"index":"index","follow":"follow","max-snippet":"max-snippet:-1","max-image-preview":"max-image-preview:large","max-video-preview":"max-video-preview:-1"},"canonical":"https:\/\/www.lanormandiedamandine.com\/en\/produit\/la-liberte-et-apres-enquete-en-famille-a-bretteville-sur-laize\/","og_locale":"en_US","og_type":"article","og_title":"La libert\u00e9 et apr\u00e8s...? Enqu\u00eate en famille \u00e0 Bretteville sur Laize - La Normandie d&#039;Amandine","og_description":"Jeu de piste, charades et puzzle ponctuent cette enqu\u00eate familiale au c\u0153ur du bourg de Bretteville sur Laize, sur les pas des architectes qui ont reconstruit la ville. Qu\u2019ont-ils voulu nous dire\u00a0? Quelles ont \u00e9t\u00e9 leurs volont\u00e9s\u00a0? Alors que cette architecture est souvent consid\u00e9r\u00e9e comme \u00ab\u00a0moche et triste\u00a0\u00bb nous partirons \u00e0 la recherche du beau. [&hellip;]","og_url":"https:\/\/www.lanormandiedamandine.com\/en\/produit\/la-liberte-et-apres-enquete-en-famille-a-bretteville-sur-laize\/","og_site_name":"La Normandie d&#039;Amandine","article_modified_time":"2024-08-23T13:41:03+00:00","og_image":[{"width":2363,"height":2363,"url":"https:\/\/www.lanormandiedamandine.com\/wp-content\/uploads\/2024\/08\/LogoEtonnantsPatrimoinesCMJN.png","type":"image\/png"}],"twitter_card":"summary_large_image","twitter_misc":{"Est. reading time":"1 minute"},"schema":{"@context":"https:\/\/schema.org","@graph":[{"@type":"WebPage","@id":"https:\/\/www.lanormandiedamandine.com\/en\/produit\/la-liberte-et-apres-enquete-en-famille-a-bretteville-sur-laize\/","url":"https:\/\/www.lanormandiedamandine.com\/en\/produit\/la-liberte-et-apres-enquete-en-famille-a-bretteville-sur-laize\/","name":"La libert\u00e9 et apr\u00e8s...? Enqu\u00eate en famille \u00e0 Bretteville sur Laize - La Normandie d&#039;Amandine","isPartOf":{"@id":"https:\/\/www.lanormandiedamandine.com\/en\/#website"},"primaryImageOfPage":{"@id":"https:\/\/www.lanormandiedamandine.com\/en\/produit\/la-liberte-et-apres-enquete-en-famille-a-bretteville-sur-laize\/#primaryimage"},"image":{"@id":"https:\/\/www.lanormandiedamandine.com\/en\/produit\/la-liberte-et-apres-enquete-en-famille-a-bretteville-sur-laize\/#primaryimage"},"thumbnailUrl":"https:\/\/www.lanormandiedamandine.com\/wp-content\/uploads\/2024\/08\/LogoEtonnantsPatrimoinesCMJN.png","datePublished":"2024-08-23T13:32:27+00:00","dateModified":"2024-08-23T13:41:03+00:00","breadcrumb":{"@id":"https:\/\/www.lanormandiedamandine.com\/en\/produit\/la-liberte-et-apres-enquete-en-famille-a-bretteville-sur-laize\/#breadcrumb"},"inLanguage":"en-US","potentialAction":[{"@type":"ReadAction","target":["https:\/\/www.lanormandiedamandine.com\/en\/produit\/la-liberte-et-apres-enquete-en-famille-a-bretteville-sur-laize\/"]}]},{"@type":"ImageObject","inLanguage":"en-US","@id":"https:\/\/www.lanormandiedamandine.com\/en\/produit\/la-liberte-et-apres-enquete-en-famille-a-bretteville-sur-laize\/#primaryimage","url":"https:\/\/www.lanormandiedamandine.com\/wp-content\/uploads\/2024\/08\/LogoEtonnantsPatrimoinesCMJN.png","contentUrl":"https:\/\/www.lanormandiedamandine.com\/wp-content\/uploads\/2024\/08\/LogoEtonnantsPatrimoinesCMJN.png","width":2363,"height":2363,"caption":"Enqu\u00eate en famille \u00e0 Bretteville sur Laize"},{"@type":"BreadcrumbList","@id":"https:\/\/www.lanormandiedamandine.com\/en\/produit\/la-liberte-et-apres-enquete-en-famille-a-bretteville-sur-laize\/#breadcrumb","itemListElement":[{"@type":"ListItem","position":1,"name":"Accueil","item":"https:\/\/www.lanormandiedamandine.com\/en\/"},{"@type":"ListItem","position":2,"name":"Boutique","item":"https:\/\/www.lanormandiedamandine.com\/boutique\/"},{"@type":"ListItem","position":3,"name":"La libert\u00e9 et apr\u00e8s&#8230;? Enqu\u00eate en famille \u00e0 Bretteville sur Laize"}]},{"@type":"WebSite","@id":"https:\/\/www.lanormandiedamandine.com\/en\/#website","url":"https:\/\/www.lanormandiedamandine.com\/en\/","name":"La Normandie d&#039;Amandine","description":"Guide conf&eacute;renci&egrave;re en Normandie","publisher":{"@id":"https:\/\/www.lanormandiedamandine.com\/en\/#organization"},"potentialAction":[{"@type":"SearchAction","target":{"@type":"EntryPoint","urlTemplate":"https:\/\/www.lanormandiedamandine.com\/en\/?s={search_term_string}"},"query-input":{"@type":"PropertyValueSpecification","valueRequired":true,"valueName":"search_term_string"}}],"inLanguage":"en-US"},{"@type":"Organization","@id":"https:\/\/www.lanormandiedamandine.com\/en\/#organization","name":"La Normandie d&#039;Amandine","url":"https:\/\/www.lanormandiedamandine.com\/en\/","logo":{"@type":"ImageObject","inLanguage":"en-US","@id":"https:\/\/www.lanormandiedamandine.com\/en\/#\/schema\/logo\/image\/","url":"https:\/\/www.lanormandiedamandine.com\/wp-content\/uploads\/2021\/11\/cropped-carte-de-visite-la-Normandie-dAmandine-recto-001-1.jpg","contentUrl":"https:\/\/www.lanormandiedamandine.com\/wp-content\/uploads\/2021\/11\/cropped-carte-de-visite-la-Normandie-dAmandine-recto-001-1.jpg","width":482,"height":181,"caption":"La Normandie d&#039;Amandine"},"image":{"@id":"https:\/\/www.lanormandiedamandine.com\/en\/#\/schema\/logo\/image\/"}}]}},"_links":{"self":[{"href":"https:\/\/www.lanormandiedamandine.com\/en\/wp-json\/wp\/v2\/product\/2136","targetHints":{"allow":["GET"]}}],"collection":[{"href":"https:\/\/www.lanormandiedamandine.com\/en\/wp-json\/wp\/v2\/product"}],"about":[{"href":"https:\/\/www.lanormandiedamandine.com\/en\/wp-json\/wp\/v2\/types\/product"}],"wp:featuredmedia":[{"embeddable":true,"href":"https:\/\/www.lanormandiedamandine.com\/en\/wp-json\/wp\/v2\/media\/2098"}],"wp:attachment":[{"href":"https:\/\/www.lanormandiedamandine.com\/en\/wp-json\/wp\/v2\/media?parent=2136"}],"wp:term":[{"taxonomy":"product_brand","embeddable":true,"href":"https:\/\/www.lanormandiedamandine.com\/en\/wp-json\/wp\/v2\/product_brand?post=2136"},{"taxonomy":"product_cat","embeddable":true,"href":"https:\/\/www.lanormandiedamandine.com\/en\/wp-json\/wp\/v2\/product_cat?post=2136"},{"taxonomy":"product_tag","embeddable":true,"href":"https:\/\/www.lanormandiedamandine.com\/en\/wp-json\/wp\/v2\/product_tag?post=2136"}],"curies":[{"name":"wp","href":"https:\/\/api.w.org\/{rel}","templated":true}]}}